{"id":29909,"date":"2019-07-12T15:31:32","date_gmt":"2019-07-12T13:31:32","guid":{"rendered":"https:\/\/www.fireandflames.com\/produkt\/ezln-2010-das-feuer-und-das-wort-gloria-munoz-ramirez\/"},"modified":"2019-07-12T15:33:24","modified_gmt":"2019-07-12T13:33:24","slug":"ezln-2010-das-feuer-und-das-wort-gloria-munoz-ramirez","status":"publish","type":"product","link":"https:\/\/www.fireandflames.com\/en\/product\/ezln-2010-das-feuer-und-das-wort-gloria-munoz-ramirez\/","title":{"rendered":"EZLN: 20+10 . Das Feuer und das Wort &#8211; Gloria Mu\u00f1oz Ram\u00edrez"},"content":{"rendered":"<p><strong>Das offizielle Jubil\u00e4umsbuch der Zapatistas<\/strong><\/p>\n<p>EZLN: 20+10 \u2013 Das Feuer und das Wort gibt, so Subcomandante Marcos, den bisher vollst\u00e4ndigsten \u00dcberblick \u00fcber das \u00f6ffentliche Wirken der EZLN.<br \/>\n20 und 10 \u2013 das sind 20 Jahre Bestehen der EZLN, 10 Jahre Vorbereitung und 10 Jahre Krieg.<br \/>\nMitglieder der EZLN, aufst\u00e4ndische Soldaten und Compa\u00f1eros kommen zu Wort und erz\u00e4hlen auch aus ihrer pers\u00f6nlichen Sicht \u00fcber die ersten zehn Jahre. Jahr f\u00fcr Jahr wird dann das \u00f6ffentliche Agieren der EZLN nachgezeichnet, vom Augenblick des bewaffneten Aufstandes am 1. Januar 1994, dem Beginn des Krieges, bis hin zur Verk\u00fcndung des \u203aTodes der Aguascalientes\u2039 und der \u203aGeburt der Caracoles\u2039 im Jahre 2003. Subcomandante Marcos \u00e4u\u00dfert sich u.a. zum Krieg, zur Autonomie, zum \u203aWort als Waffe und Schweigen als Strategie\u2039, zur Antiglobalisierungsbewegung, zu den zapatistischen D\u00f6rfern und zum Widerstand, zu \u203aeiner Welt, in der alle Welten Platz haben\u2039&#8230;<\/p>\n<p><em>&#8221; &#8230; &#8217;20+10&#8242; ist ein kenntnisreicher Einblick in die Entstehungsgeschichte der Zapatisten. Viele Bilder und Stimmen der Akteure sowie eine gelungene Buchgestaltung mache es zu einem wichtigen Buch f\u00fcr all jene, di sich n\u00e4her mit der Denk- und Lebensweise der Zapatisten besch\u00e4ftigen.&#8221;<\/em> Elmar Lenzen, eins, Entwicklungspolitik Information Nord-S\u00fcd, Juni 2006<\/p>\n","protected":false},"excerpt":{"rendered":"<div id=\"productdetail_info\">\n<div class=\"publication_date\"><b>Date: <\/b> October 2004<\/div>\n<div class=\"pages\"><b>Pages: <\/b>264<\/div>\n<div class=\"equipment\"><strong>softcover<\/strong><\/div>\n<\/div>\n","protected":false},"featured_media":29908,"template":"","meta":[],"product_brand":[],"product_cat":[49,47],"product_tag":[],"class_list":["post-29909","product","type-product","status-publish","has-post-thumbnail","product_cat-books","product_cat-propaganda-en","first","instock","taxable","shipping-taxable","purchasable","product-type-simple"],"_links":{"self":[{"href":"https:\/\/www.fireandflames.com\/en\/wp-json\/wp\/v2\/product\/29909","targetHints":{"allow":["GET"]}}],"collection":[{"href":"https:\/\/www.fireandflames.com\/en\/wp-json\/wp\/v2\/product"}],"about":[{"href":"https:\/\/www.fireandflames.com\/en\/wp-json\/wp\/v2\/types\/product"}],"wp:featuredmedia":[{"embeddable":true,"href":"https:\/\/www.fireandflames.com\/en\/wp-json\/wp\/v2\/media\/29908"}],"wp:attachment":[{"href":"https:\/\/www.fireandflames.com\/en\/wp-json\/wp\/v2\/media?parent=29909"}],"wp:term":[{"taxonomy":"product_brand","embeddable":true,"href":"https:\/\/www.fireandflames.com\/en\/wp-json\/wp\/v2\/product_brand?post=29909"},{"taxonomy":"product_cat","embeddable":true,"href":"https:\/\/www.fireandflames.com\/en\/wp-json\/wp\/v2\/product_cat?post=29909"},{"taxonomy":"product_tag","embeddable":true,"href":"https:\/\/www.fireandflames.com\/en\/wp-json\/wp\/v2\/product_tag?post=29909"}],"curies":[{"name":"wp","href":"https:\/\/api.w.org\/{rel}","templated":true}]}}